{"id":198,"date":"2024-02-27T15:07:25","date_gmt":"2024-02-27T14:07:25","guid":{"rendered":"https:\/\/preview.kombinat-berlin.de\/?page_id=198"},"modified":"2025-04-07T14:21:18","modified_gmt":"2025-04-07T12:21:18","slug":"jobs","status":"publish","type":"page","link":"https:\/\/kombinat-berlin.de\/en\/jobs\/","title":{"rendered":"Jobs"},"content":{"rendered":"<div class=\"page-title-section-wrapper\">\n  <section class=\"page-title-section container-fluid blue   bg-pattern bg-pattern-3\">\n    <div class=\"row\"><div class=\"col-12 col-lg-8 headline-column\"><div class=\"label\"><p>WORK IN THE COMBINE<\/p>\n<\/div><h1>Become part of a team of specialists.<\/h1><\/div><\/div><div class=\"row\"><div class=\"col-12 col-lg-8 text-column text\"><p>With us, you can not only contribute yourself and your skills, but also develop them. We challenge and encourage your skills so that we can grow together.<\/p>\n<div class=\"link-column\"><a href=\"https:\/\/join.com\/companies\/kombinat\" target=\"_blank\" class=\"button arrow-out icon right\">Apply now via join.com<\/a><\/div><\/div><\/div><a href=\"#main\" target=\"_self\" class=\"button-secondary-down scroll-down-button\">What makes us tick<\/a>  <\/section>\n<\/div>\n\n<section id=\"main\"  class=\"image-text-section container-fluid   blue\">\n  <div class=\"row\">\n    <div class=\"col-12 col-lg-8 image-column\"><img loading=\"lazy\" decoding=\"async\" width=\"1024\" height=\"1069\" src=\"https:\/\/kombinat-berlin.de\/wp-content\/uploads\/2024\/02\/Kombinat-bestes-Team-ever-e1742384179271.jpg\" class=\"attachment-full size-full\" alt=\"Working in the best team\" srcset=\"https:\/\/kombinat-berlin.de\/wp-content\/uploads\/2024\/02\/Kombinat-bestes-Team-ever-e1742384179271.jpg 1024w, https:\/\/kombinat-berlin.de\/wp-content\/uploads\/2024\/02\/Kombinat-bestes-Team-ever-e1742384179271-287x300.jpg 287w, https:\/\/kombinat-berlin.de\/wp-content\/uploads\/2024\/02\/Kombinat-bestes-Team-ever-e1742384179271-981x1024.jpg 981w, https:\/\/kombinat-berlin.de\/wp-content\/uploads\/2024\/02\/Kombinat-bestes-Team-ever-e1742384179271-768x802.jpg 768w\" sizes=\"auto, (max-width: 1024px) 100vw, 1024px\" \/><\/div><div class=\"col-12 col-lg-4 text-column\"><h2>We can rely on each other and know that we can grow the most together.<\/h2><div class=\"text\"><p>This makes our collaboration pleasant, trusting and efficient at the same time. Both among our permanent employees and with our freelance external experts.<\/p>\n<p>No matter what gender, skin colour, origin or disability you may have, we would like to encourage you to apply to us. Our office has a lift and is therefore easily accessible for people with physical disabilities! We love diversity and support our employees to develop themselves and work on career opportunities.<\/p>\n<p>Take a look at our 4.6 out of 5 \u2605\u2605\u2605\u2605\u2606 score at kununu:<\/p>\n<p><a href=\"https:\/\/www.kununu.com\/de\/kombinat-agentur-fuer-informationsgestaltung\" target=\"_blank\"><img decoding=\"async\" src=\"https:\/\/kombinat-berlin.de\/wp-content\/uploads\/2024\/08\/kununu-logo-2023-white.svg\" \/><\/a><\/p>\n<\/div><\/div>  <\/div>\n<\/section>\n\n<section  class=\"container-fluid columns-section sky-a default second-color-sky-a\"><div class=\"row\"><div class=\"column col-12 col-md-4 sky-d\"><h3>Co-design<\/h3><div class=\"text\"><p>We know that things are getting better and better. What are your impulses? Where do you want to go?<\/p>\n<\/div><\/div><div class=\"column col-12 col-md-4 sand\"><h3>Flexible working hours<\/h3><div class=\"text\"><p>We agree on goals and touchpoints. We agree where and when you work in a straightforward manner.<\/p>\n<\/div><\/div><div class=\"column col-12 col-md-4 sky-c\"><h3>A good team<\/h3><div class=\"text\"><p>We are there for each other. Whether it's technical questions or socialising with colleagues.<\/p>\n<\/div><\/div><\/div><\/section>\n\n<section  class=\"container-fluid text-slider-section blue\">\n  <div class=\"row\"><div class=\"col-10 offset-1 col-lg-10 offset-lg-1 headline\"><h2>What current or former employees say anonymously on kununu<\/h2><\/div><\/div><div class=\"row\"><div class=\"col-10 offset-1 col-lg-8 offset-lg-2\"><div class=\"text-slider js-text-slider\"><div class=\"text-slide\"><div class=\"text\"><p>Communication: <\/p>\n<p>&#8222;Die Kommunikation offen und wertsch\u00e4tzend. Die Gesch\u00e4ftsprozesse sind transparent. Alle k\u00f6nnen (m\u00fcssen aber nicht) \u00fcberall Input geben, auch \u00fcber ihren Fachbereich hinaus. Jeden Monat gibt es ein Einzelgespr\u00e4ch mit dem Chef, wo man wirklich \u00fcber alles reden kann.&#8220;<\/p>\n<\/div><\/div><div class=\"text-slide\"><div class=\"text\"><p>Working atmosphere: <\/p>\n<p>&#8222;Fantastisch! Es wird sehr darauf geachtet, dass jeder sich wohlf\u00fchlt, sowohl bei den Aufgaben als auch im physischen Umfeld. Im Kombinat ist man immer auf allen Ebenen bem\u00fcht und bereit, sich zu verbessern und das Input jedes Einzelnen ist immer gefragt und wird wertgesch\u00e4tzt.&#8220;<\/p>\n<\/div><\/div><div class=\"text-slide\"><div class=\"text\"><p>Communication:<\/p>\n<p>&#8222;Regelm\u00e4\u00dfige Meetings, nicht zu viele und keine unnn\u00f6tig langezogene Dauer.&#8220;<\/p>\n<\/div><\/div><div class=\"text-slide\"><div class=\"text\"><p>Work-life balance: <\/p>\n<p>&#8222;Pefekt! Es kann eigentlich jeder so arbeiten, wie er will. Wir hatten diverse Teilzeitmodelle, u.a. ich. Au\u00dferdem gibt es ein Studenkonto, so dass man sich seine Stunden (fast) frei einteilen kann. Remote arbeiten war auch vor Corona schon kein Problem..&#8220;<\/p>\n<\/div><\/div><div class=\"text-slide\"><div class=\"text\"><p>Career\/further training:<\/p>\n<p>&#8222;S\u00e4mtliche Weiterbildungsangebote, f\u00fcr die ich mich interessiert habe, wurden genehmigt. Es wird sehr darauf geachtet, dass man sich innerhalb der Firma entwickelt, wenn man denn m\u00f6chte.&#8220;<\/p>\n<\/div><\/div><div class=\"text-slide\"><div class=\"text\"><p>Supervisor behaviour:<\/p>\n<p>&#8222;Die &#8222;Chefs&#8220; sind super, empathisch und immer bem\u00fcht, dass man sich als Angestellter wohlf\u00fchlt. Sowieso f\u00fchlte es sich ziemlich wenig &#8222;chefig&#8220; an.&#8220;<\/p>\n<\/div><\/div><\/div><\/div><\/div><\/section>","protected":false},"excerpt":{"rendered":"","protected":false},"author":2,"featured_media":0,"parent":0,"menu_order":0,"comment_status":"closed","ping_status":"closed","template":"","meta":{"_acf_changed":false,"footnotes":""},"class_list":["post-198","page","type-page","status-publish","hentry"],"acf":[],"yoast_head":"<!-- This site is optimized with the Yoast SEO Premium plugin v27.3 (Yoast SEO v27.3) - https:\/\/yoast.com\/product\/yoast-seo-premium-wordpress\/ -->\n<title>Arbeite mit uns. Werde Teil unseres Teams von Spezialisten.<\/title>\n<meta name=\"description\" content=\"Wir fordern und f\u00f6rdern dein K\u00f6nnen, damit wir gemeinsam wachsen. Bring dich und deine F\u00e4higkeiten ein und entfalte dich.\" \/>\n<meta name=\"robots\" content=\"index, follow, max-snippet:-1, max-image-preview:large, max-video-preview:-1\" \/>\n<link rel=\"canonical\" href=\"https:\/\/kombinat-berlin.de\/en\/jobs\/\" \/>\n<meta property=\"og:locale\" content=\"en_GB\" \/>\n<meta property=\"og:type\" content=\"article\" \/>\n<meta property=\"og:title\" content=\"Jobs\" \/>\n<meta property=\"og:description\" content=\"Wir fordern und f\u00f6rdern dein K\u00f6nnen, damit wir gemeinsam wachsen. Bring dich und deine F\u00e4higkeiten ein und entfalte dich.\" \/>\n<meta property=\"og:url\" content=\"https:\/\/kombinat-berlin.de\/en\/jobs\/\" \/>\n<meta property=\"og:site_name\" content=\"KOMBINAT\" \/>\n<meta property=\"article:publisher\" content=\"https:\/\/www.linkedin.com\/company\/kombinatberlin\" \/>\n<meta property=\"article:modified_time\" content=\"2025-04-07T12:21:18+00:00\" \/>\n<meta name=\"twitter:card\" content=\"summary_large_image\" \/>\n<meta name=\"twitter:label1\" content=\"Estimated reading time\" \/>\n\t<meta name=\"twitter:data1\" content=\"3 minutes\" \/>\n<script type=\"application\/ld+json\" class=\"yoast-schema-graph\">{\"@context\":\"https:\\\/\\\/schema.org\",\"@graph\":[{\"@type\":\"WebPage\",\"@id\":\"https:\\\/\\\/kombinat-berlin.de\\\/jobs\\\/\",\"url\":\"https:\\\/\\\/kombinat-berlin.de\\\/jobs\\\/\",\"name\":\"Arbeite mit uns. Werde Teil unseres Teams von Spezialisten.\",\"isPartOf\":{\"@id\":\"https:\\\/\\\/kombinat-berlin.de\\\/#website\"},\"datePublished\":\"2024-02-27T14:07:25+00:00\",\"dateModified\":\"2025-04-07T12:21:18+00:00\",\"description\":\"Wir fordern und f\u00f6rdern dein K\u00f6nnen, damit wir gemeinsam wachsen. Bring dich und deine F\u00e4higkeiten ein und entfalte dich.\",\"breadcrumb\":{\"@id\":\"https:\\\/\\\/kombinat-berlin.de\\\/jobs\\\/#breadcrumb\"},\"inLanguage\":\"en-GB\",\"potentialAction\":[{\"@type\":\"ReadAction\",\"target\":[\"https:\\\/\\\/kombinat-berlin.de\\\/jobs\\\/\"]}]},{\"@type\":\"BreadcrumbList\",\"@id\":\"https:\\\/\\\/kombinat-berlin.de\\\/jobs\\\/#breadcrumb\",\"itemListElement\":[{\"@type\":\"ListItem\",\"position\":1,\"name\":\"Startseite\",\"item\":\"https:\\\/\\\/kombinat-berlin.de\\\/\"},{\"@type\":\"ListItem\",\"position\":2,\"name\":\"Jobs\"}]},{\"@type\":\"WebSite\",\"@id\":\"https:\\\/\\\/kombinat-berlin.de\\\/#website\",\"url\":\"https:\\\/\\\/kombinat-berlin.de\\\/\",\"name\":\"Kombinat\",\"description\":\"Mehr Umsatz und Wachstum durch leichtg\u00e4ngige B2B-Onlineshops f\u00fcr Hersteller und Brands.\",\"publisher\":{\"@id\":\"https:\\\/\\\/kombinat-berlin.de\\\/#organization\"},\"potentialAction\":[{\"@type\":\"SearchAction\",\"target\":{\"@type\":\"EntryPoint\",\"urlTemplate\":\"https:\\\/\\\/kombinat-berlin.de\\\/?s={search_term_string}\"},\"query-input\":{\"@type\":\"PropertyValueSpecification\",\"valueRequired\":true,\"valueName\":\"search_term_string\"}}],\"inLanguage\":\"en-GB\"},{\"@type\":\"Organization\",\"@id\":\"https:\\\/\\\/kombinat-berlin.de\\\/#organization\",\"name\":\"Kombinat GmbH\",\"url\":\"https:\\\/\\\/kombinat-berlin.de\\\/\",\"logo\":{\"@type\":\"ImageObject\",\"inLanguage\":\"en-GB\",\"@id\":\"https:\\\/\\\/kombinat-berlin.de\\\/#\\\/schema\\\/logo\\\/image\\\/\",\"url\":\"https:\\\/\\\/kombinat-berlin.de\\\/wp-content\\\/uploads\\\/2024\\\/05\\\/cropped-favicon.png\",\"contentUrl\":\"https:\\\/\\\/kombinat-berlin.de\\\/wp-content\\\/uploads\\\/2024\\\/05\\\/cropped-favicon.png\",\"width\":512,\"height\":512,\"caption\":\"Kombinat GmbH\"},\"image\":{\"@id\":\"https:\\\/\\\/kombinat-berlin.de\\\/#\\\/schema\\\/logo\\\/image\\\/\"},\"sameAs\":[\"https:\\\/\\\/www.linkedin.com\\\/company\\\/kombinatberlin\",\"https:\\\/\\\/www.instagram.com\\\/kombinatberlin\\\/\"]}]}<\/script>\n<!-- \/ Yoast SEO Premium plugin. -->","yoast_head_json":{"title":"Work with us. Become part of our team of specialists.","description":"We challenge and encourage your skills so that we can grow together. Contribute yourself and your skills and develop yourself.","robots":{"index":"index","follow":"follow","max-snippet":"max-snippet:-1","max-image-preview":"max-image-preview:large","max-video-preview":"max-video-preview:-1"},"canonical":"https:\/\/kombinat-berlin.de\/en\/jobs\/","og_locale":"en_GB","og_type":"article","og_title":"Jobs","og_description":"Wir fordern und f\u00f6rdern dein K\u00f6nnen, damit wir gemeinsam wachsen. Bring dich und deine F\u00e4higkeiten ein und entfalte dich.","og_url":"https:\/\/kombinat-berlin.de\/en\/jobs\/","og_site_name":"KOMBINAT","article_publisher":"https:\/\/www.linkedin.com\/company\/kombinatberlin","article_modified_time":"2025-04-07T12:21:18+00:00","twitter_card":"summary_large_image","twitter_misc":{"Estimated reading time":"3 minutes"},"schema":{"@context":"https:\/\/schema.org","@graph":[{"@type":"WebPage","@id":"https:\/\/kombinat-berlin.de\/jobs\/","url":"https:\/\/kombinat-berlin.de\/jobs\/","name":"Work with us. Become part of our team of specialists.","isPartOf":{"@id":"https:\/\/kombinat-berlin.de\/#website"},"datePublished":"2024-02-27T14:07:25+00:00","dateModified":"2025-04-07T12:21:18+00:00","description":"We challenge and encourage your skills so that we can grow together. Contribute yourself and your skills and develop yourself.","breadcrumb":{"@id":"https:\/\/kombinat-berlin.de\/jobs\/#breadcrumb"},"inLanguage":"en-GB","potentialAction":[{"@type":"ReadAction","target":["https:\/\/kombinat-berlin.de\/jobs\/"]}]},{"@type":"BreadcrumbList","@id":"https:\/\/kombinat-berlin.de\/jobs\/#breadcrumb","itemListElement":[{"@type":"ListItem","position":1,"name":"Startseite","item":"https:\/\/kombinat-berlin.de\/"},{"@type":"ListItem","position":2,"name":"Jobs"}]},{"@type":"WebSite","@id":"https:\/\/kombinat-berlin.de\/#website","url":"https:\/\/kombinat-berlin.de\/","name":"KOMBINAT","description":"More sales and growth through easy-to-use B2B online shops for manufacturers and brands.","publisher":{"@id":"https:\/\/kombinat-berlin.de\/#organization"},"potentialAction":[{"@type":"SearchAction","target":{"@type":"EntryPoint","urlTemplate":"https:\/\/kombinat-berlin.de\/?s={search_term_string}"},"query-input":{"@type":"PropertyValueSpecification","valueRequired":true,"valueName":"search_term_string"}}],"inLanguage":"en-GB"},{"@type":"Organization","@id":"https:\/\/kombinat-berlin.de\/#organization","name":"Kombinat GmbH","url":"https:\/\/kombinat-berlin.de\/","logo":{"@type":"ImageObject","inLanguage":"en-GB","@id":"https:\/\/kombinat-berlin.de\/#\/schema\/logo\/image\/","url":"https:\/\/kombinat-berlin.de\/wp-content\/uploads\/2024\/05\/cropped-favicon.png","contentUrl":"https:\/\/kombinat-berlin.de\/wp-content\/uploads\/2024\/05\/cropped-favicon.png","width":512,"height":512,"caption":"Kombinat GmbH"},"image":{"@id":"https:\/\/kombinat-berlin.de\/#\/schema\/logo\/image\/"},"sameAs":["https:\/\/www.linkedin.com\/company\/kombinatberlin","https:\/\/www.instagram.com\/kombinatberlin\/"]}]}},"_links":{"self":[{"href":"https:\/\/kombinat-berlin.de\/en\/wp-json\/wp\/v2\/pages\/198","targetHints":{"allow":["GET"]}}],"collection":[{"href":"https:\/\/kombinat-berlin.de\/en\/wp-json\/wp\/v2\/pages"}],"about":[{"href":"https:\/\/kombinat-berlin.de\/en\/wp-json\/wp\/v2\/types\/page"}],"author":[{"embeddable":true,"href":"https:\/\/kombinat-berlin.de\/en\/wp-json\/wp\/v2\/users\/2"}],"replies":[{"embeddable":true,"href":"https:\/\/kombinat-berlin.de\/en\/wp-json\/wp\/v2\/comments?post=198"}],"version-history":[{"count":41,"href":"https:\/\/kombinat-berlin.de\/en\/wp-json\/wp\/v2\/pages\/198\/revisions"}],"predecessor-version":[{"id":2728,"href":"https:\/\/kombinat-berlin.de\/en\/wp-json\/wp\/v2\/pages\/198\/revisions\/2728"}],"wp:attachment":[{"href":"https:\/\/kombinat-berlin.de\/en\/wp-json\/wp\/v2\/media?parent=198"}],"curies":[{"name":"wp","href":"https:\/\/api.w.org\/{rel}","templated":true}]}}