{"id":12,"date":"2024-02-16T18:41:29","date_gmt":"2024-02-16T17:41:29","guid":{"rendered":"https:\/\/preview.kombinat-berlin.de\/?page_id=12"},"modified":"2026-02-11T10:58:50","modified_gmt":"2026-02-11T09:58:50","slug":"experienced-e-commerce-experts-at-kombinat","status":"publish","type":"page","link":"https:\/\/kombinat-berlin.de\/en\/erfahrene-e-commerce-experten-bei-kombinat\/","title":{"rendered":"Agency"},"content":{"rendered":"<div class=\"page-title-section-wrapper\">\n  <section class=\"page-title-section container-fluid blue   bg-pattern bg-pattern-7\">\n    <div class=\"row\"><div class=\"col-12 col-lg-8 headline-column\"><div class=\"label\"><p>E-Commerce-Experten<\/p>\n<\/div><h1>Profitiere von einem eingespielten Team, das gemeinsam schon viel bewegt hat.<\/h1><\/div><\/div><div class=\"row\"><div class=\"col-12 col-lg-8 text-column text\"><p>Stets offen fu\u0308r Neues, verl\u00e4sslich und leistungsstark. Inhabergef\u00fchrt, mit Berlin als Heimat. Wir sind selbstbestimmt, aber m\u00f6gen Partnerschaften. Nachhaltige Beziehungen sind uns wichtig.<\/p>\n<p>Unsere E-Commerce-Experten im Kombinat sind deine Partner f\u00fcr strategische Beratung, technische Expertise und effektives Projektmanagement.<\/p>\n<div class=\"link-column\"><a href=\"https:\/\/kombinat-berlin.de\/kontakt#terminbuchung\" target=\"_self\" class=\"button calendar icon left\">Lass uns sprechen<\/a><\/div><\/div><div class=\"col-12 col-lg-4 trust-logos-column\"><span class=\"proven-expert-wrapper\"><a href=\"https:\/\/www.provenexpert.com\/kombinat\/?utm_source=Widget&#038;utm_medium=Widget&#038;utm_campaign=Widget\" target=\"_blank\" title=\"Kundenbewertungen &amp; Erfahrungen zu Kombinat. Mehr Infos anzeigen.\" rel=\"noopener noreferrer\"><img loading=\"lazy\" decoding=\"async\" width=\"135\" height=\"113\" src=\"https:\/\/kombinat-berlin.de\/wp-content\/uploads\/2024\/06\/proven-expert.jpg\" class=\"attachment-full size-full\" alt=\"Proven-Expert Bewertungen ansehen\" \/><\/a><\/span><span class=\"google-ratings-wrapper\"><a href=\"https:\/\/www.google.com\/search?hl=en-DE&#038;gl=de&#038;q=Kombinat+%E2%80%93+Agentur+f%C3%BCr+Informationsgestaltung,+2.+Hof+\/+Aufgang+5+\/+2.+Etage,+Urbanstra%C3%9Fe+116,+10967+Berlin&#038;ludocid=8271922702199397716&#038;lsig=AB86z5Vs-g4gtmBoCcl14xeRiKXR#lrd=0x47a84fc90bcb9829:0x72cbc5df02159d54,3\" target=\"_blank\" title=\"Kundenbewertungen &amp; Erfahrungen zu Kombinat. Mehr Infos anzeigen.\" rel=\"noopener noreferrer\"><img loading=\"lazy\" decoding=\"async\" width=\"356\" height=\"222\" src=\"https:\/\/kombinat-berlin.de\/wp-content\/uploads\/2024\/08\/google-reviews.png\" class=\"attachment-full size-full\" alt=\"Google Bewertung ansehen\" srcset=\"https:\/\/kombinat-berlin.de\/wp-content\/uploads\/2024\/08\/google-reviews.png 356w, https:\/\/kombinat-berlin.de\/wp-content\/uploads\/2024\/08\/google-reviews-300x187.png 300w\" sizes=\"auto, (max-width: 356px) 100vw, 356px\" \/><\/a><\/span><\/div><\/div><a href=\"#team\" target=\"_self\" class=\"button-secondary-down scroll-down-button\">Das sind wir \ud83d\ude42<\/a>  <\/section>\n<\/div>\n\n<section id=\"team\"  class=\"container-fluid overview-columns-section  blue \"><div class=\"row\"><div class=\"column col-12 col-md-5 offset-md-1 flip-label-headline\"><div class=\"image-wrapper  has-hover-image\" style=\"color: #ffffff; background-color: #000000\"><img loading=\"lazy\" decoding=\"async\" width=\"600\" height=\"600\" src=\"https:\/\/kombinat-berlin.de\/wp-content\/uploads\/2024\/02\/Kombinat-Claudius-CEO-Gruender.jpg\" class=\"default-image\" alt=\"Shopify Onlineshop und E-Commerce Experte\" srcset=\"https:\/\/kombinat-berlin.de\/wp-content\/uploads\/2024\/02\/Kombinat-Claudius-CEO-Gruender.jpg 600w, https:\/\/kombinat-berlin.de\/wp-content\/uploads\/2024\/02\/Kombinat-Claudius-CEO-Gruender-300x300.jpg 300w, https:\/\/kombinat-berlin.de\/wp-content\/uploads\/2024\/02\/Kombinat-Claudius-CEO-Gruender-150x150.jpg 150w\" sizes=\"auto, (max-width: 600px) 100vw, 600px\" \/><img loading=\"lazy\" decoding=\"async\" width=\"600\" height=\"600\" src=\"https:\/\/kombinat-berlin.de\/wp-content\/uploads\/2024\/02\/claudius-drums-zorx.jpg\" class=\"hover-image\" alt=\"Drummer bei Zorx\" srcset=\"https:\/\/kombinat-berlin.de\/wp-content\/uploads\/2024\/02\/claudius-drums-zorx.jpg 600w, https:\/\/kombinat-berlin.de\/wp-content\/uploads\/2024\/02\/claudius-drums-zorx-300x300.jpg 300w, https:\/\/kombinat-berlin.de\/wp-content\/uploads\/2024\/02\/claudius-drums-zorx-150x150.jpg 150w\" sizes=\"auto, (max-width: 600px) 100vw, 600px\" \/><\/div><div class=\"label\"><p>Gesch\u00e4ftsf\u00fchrung, Inhaber<\/p>\n<\/div><h3>Claudius Staudte<\/h3><div class=\"text\"><a href=\"http:\/\/www.linkedin.com\/in\/claudius-staudte-98113b1a\" target=\"_blank\" class=\"button-secondary linkedin icon left\">Claudius bei LinkedIn<\/a><\/div><\/div><div class=\"column col-12 col-md-5  flip-label-headline\"><div class=\"image-wrapper  has-hover-image\" style=\"color: #ffffff; background-color: #000000\"><img loading=\"lazy\" decoding=\"async\" width=\"600\" height=\"600\" src=\"https:\/\/kombinat-berlin.de\/wp-content\/uploads\/2024\/02\/Kombinat-Ulrike-Marketing-Personal-Gruenderin.jpg\" class=\"default-image\" alt=\"Ulrike\" srcset=\"https:\/\/kombinat-berlin.de\/wp-content\/uploads\/2024\/02\/Kombinat-Ulrike-Marketing-Personal-Gruenderin.jpg 600w, https:\/\/kombinat-berlin.de\/wp-content\/uploads\/2024\/02\/Kombinat-Ulrike-Marketing-Personal-Gruenderin-300x300.jpg 300w, https:\/\/kombinat-berlin.de\/wp-content\/uploads\/2024\/02\/Kombinat-Ulrike-Marketing-Personal-Gruenderin-150x150.jpg 150w\" sizes=\"auto, (max-width: 600px) 100vw, 600px\" \/><img loading=\"lazy\" decoding=\"async\" width=\"600\" height=\"600\" src=\"https:\/\/kombinat-berlin.de\/wp-content\/uploads\/2024\/02\/Ulrike-privat.jpg\" class=\"hover-image\" alt=\"Kulinarisch\" srcset=\"https:\/\/kombinat-berlin.de\/wp-content\/uploads\/2024\/02\/Ulrike-privat.jpg 600w, https:\/\/kombinat-berlin.de\/wp-content\/uploads\/2024\/02\/Ulrike-privat-300x300.jpg 300w, https:\/\/kombinat-berlin.de\/wp-content\/uploads\/2024\/02\/Ulrike-privat-150x150.jpg 150w\" sizes=\"auto, (max-width: 600px) 100vw, 600px\" \/><\/div><div class=\"label\"><p>Inhaberin<\/p>\n<\/div><h3>Ulrike Gottschau<\/h3><div class=\"text\"><a href=\"https:\/\/de.linkedin.com\/in\/ulrike-gottschau\" target=\"_blank\" class=\"button-secondary linkedin icon left\">Ulrike bei LinkedIn<\/a><\/div><\/div><\/div><\/section>\n\n<section id=\"team\"  class=\"container-fluid overview-columns-section  blue \"><div class=\"row\"><div class=\"column col-12 col-md-5 offset-md-1 flip-label-headline\"><div class=\"image-wrapper  has-hover-image\" style=\"color: #ffffff; background-color: #000000\"><img loading=\"lazy\" decoding=\"async\" width=\"600\" height=\"600\" src=\"https:\/\/kombinat-berlin.de\/wp-content\/uploads\/2024\/02\/Kombinat-David-Devops.jpg\" class=\"default-image\" alt=\"Developer David\" srcset=\"https:\/\/kombinat-berlin.de\/wp-content\/uploads\/2024\/02\/Kombinat-David-Devops.jpg 600w, https:\/\/kombinat-berlin.de\/wp-content\/uploads\/2024\/02\/Kombinat-David-Devops-300x300.jpg 300w, https:\/\/kombinat-berlin.de\/wp-content\/uploads\/2024\/02\/Kombinat-David-Devops-150x150.jpg 150w\" sizes=\"auto, (max-width: 600px) 100vw, 600px\" \/><img loading=\"lazy\" decoding=\"async\" width=\"800\" height=\"800\" src=\"https:\/\/kombinat-berlin.de\/wp-content\/uploads\/2024\/09\/David_monster.jpg\" class=\"hover-image\" alt=\"David Muskelmonster\" srcset=\"https:\/\/kombinat-berlin.de\/wp-content\/uploads\/2024\/09\/David_monster.jpg 800w, https:\/\/kombinat-berlin.de\/wp-content\/uploads\/2024\/09\/David_monster-300x300.jpg 300w, https:\/\/kombinat-berlin.de\/wp-content\/uploads\/2024\/09\/David_monster-150x150.jpg 150w, https:\/\/kombinat-berlin.de\/wp-content\/uploads\/2024\/09\/David_monster-768x768.jpg 768w\" sizes=\"auto, (max-width: 800px) 100vw, 800px\" \/><\/div><div class=\"label\"><p>Devops<\/p>\n<\/div><h3>David Zschille<\/h3><div class=\"text\"><\/div><\/div><div class=\"column col-12 col-md-5  flip-label-headline\"><div class=\"image-wrapper  has-hover-image\" style=\"color: #ffffff; background-color: #000000\"><img loading=\"lazy\" decoding=\"async\" width=\"1024\" height=\"1024\" src=\"https:\/\/kombinat-berlin.de\/wp-content\/uploads\/2025\/05\/stina-hobbie-1024x1024.jpeg\" class=\"default-image\" alt=\"Stina Hobbie Projektmanagement\" srcset=\"https:\/\/kombinat-berlin.de\/wp-content\/uploads\/2025\/05\/stina-hobbie-1024x1024.jpeg 1024w, https:\/\/kombinat-berlin.de\/wp-content\/uploads\/2025\/05\/stina-hobbie-300x300.jpeg 300w, https:\/\/kombinat-berlin.de\/wp-content\/uploads\/2025\/05\/stina-hobbie-150x150.jpeg 150w, https:\/\/kombinat-berlin.de\/wp-content\/uploads\/2025\/05\/stina-hobbie-768x768.jpeg 768w, https:\/\/kombinat-berlin.de\/wp-content\/uploads\/2025\/05\/stina-hobbie-1536x1536.jpeg 1536w, https:\/\/kombinat-berlin.de\/wp-content\/uploads\/2025\/05\/stina-hobbie.jpeg 1920w\" sizes=\"auto, (max-width: 1024px) 100vw, 1024px\" \/><img loading=\"lazy\" decoding=\"async\" width=\"1024\" height=\"1024\" src=\"https:\/\/kombinat-berlin.de\/wp-content\/uploads\/2025\/06\/Stina-privat-e1750760213903-1024x1024.jpg\" class=\"hover-image\" alt=\"Stina privat\" srcset=\"https:\/\/kombinat-berlin.de\/wp-content\/uploads\/2025\/06\/Stina-privat-e1750760213903-1024x1024.jpg 1024w, https:\/\/kombinat-berlin.de\/wp-content\/uploads\/2025\/06\/Stina-privat-e1750760213903-300x300.jpg 300w, https:\/\/kombinat-berlin.de\/wp-content\/uploads\/2025\/06\/Stina-privat-e1750760213903-150x150.jpg 150w, https:\/\/kombinat-berlin.de\/wp-content\/uploads\/2025\/06\/Stina-privat-e1750760213903-768x768.jpg 768w, https:\/\/kombinat-berlin.de\/wp-content\/uploads\/2025\/06\/Stina-privat-e1750760213903.jpg 1440w\" sizes=\"auto, (max-width: 1024px) 100vw, 1024px\" \/><\/div><div class=\"label\"><p>IT Projektmanagerin<\/p>\n<\/div><h3>Stina Hobbie<\/h3><div class=\"text\"><a href=\"http:\/\/linkedin.com\/in\/stina-hobbie-a63718211\" target=\"_blank\" class=\"button-secondary linkedin icon right\">Stina bei LinkedIn<\/a><\/div><\/div><\/div><\/section>\n\n<section  class=\"container-fluid overview-columns-section  blue \"><div class=\"row\"><div class=\"column col-12 col-md-5 offset-md-1 flip-label-headline\"><div class=\"image-wrapper  has-hover-image\" style=\"color: #ffffff; background-color: #000000\"><img loading=\"lazy\" decoding=\"async\" width=\"599\" height=\"598\" src=\"https:\/\/kombinat-berlin.de\/wp-content\/uploads\/2024\/02\/Bastian.jpg\" class=\"default-image\" alt=\"Bastian\" srcset=\"https:\/\/kombinat-berlin.de\/wp-content\/uploads\/2024\/02\/Bastian.jpg 599w, https:\/\/kombinat-berlin.de\/wp-content\/uploads\/2024\/02\/Bastian-300x300.jpg 300w, https:\/\/kombinat-berlin.de\/wp-content\/uploads\/2024\/02\/Bastian-150x150.jpg 150w\" sizes=\"auto, (max-width: 599px) 100vw, 599px\" \/><img loading=\"lazy\" decoding=\"async\" width=\"599\" height=\"599\" src=\"https:\/\/kombinat-berlin.de\/wp-content\/uploads\/2024\/02\/Bastian-priv.jpg\" class=\"hover-image wpsmartcrop-image wpsmartcrop-image\" alt=\"Bastian\" srcset=\"https:\/\/kombinat-berlin.de\/wp-content\/uploads\/2024\/02\/Bastian-priv.jpg 599w, https:\/\/kombinat-berlin.de\/wp-content\/uploads\/2024\/02\/Bastian-priv-300x300.jpg 300w, https:\/\/kombinat-berlin.de\/wp-content\/uploads\/2024\/02\/Bastian-priv-150x150.jpg 150w\" sizes=\"auto, (max-width: 599px) 100vw, 599px\" data-smartcrop-focus=\"[59,33]\" \/><\/div><div class=\"label\"><p>Freelance Entwickler<\/p>\n<\/div><h3>Bastian Stein<\/h3><div class=\"text\"><a href=\"https:\/\/www.linkedin.com\/in\/bastian-stein-65a36557\/\" target=\"_blank\" class=\"button-secondary linkedin icon left\">Bastian bei LinkedIn<\/a><\/div><\/div><div class=\"column col-12 col-md-5  flip-label-headline\"><div class=\"image-wrapper  has-hover-image\" style=\"color: #ffffff; background-color: #000000\"><img loading=\"lazy\" decoding=\"async\" width=\"800\" height=\"800\" src=\"https:\/\/kombinat-berlin.de\/wp-content\/uploads\/2025\/06\/vivien-kluge-it-projektmanagement.jpg\" class=\"default-image\" alt=\"IT Projektmanagerin Vivien Kluge\" srcset=\"https:\/\/kombinat-berlin.de\/wp-content\/uploads\/2025\/06\/vivien-kluge-it-projektmanagement.jpg 800w, https:\/\/kombinat-berlin.de\/wp-content\/uploads\/2025\/06\/vivien-kluge-it-projektmanagement-300x300.jpg 300w, https:\/\/kombinat-berlin.de\/wp-content\/uploads\/2025\/06\/vivien-kluge-it-projektmanagement-150x150.jpg 150w, https:\/\/kombinat-berlin.de\/wp-content\/uploads\/2025\/06\/vivien-kluge-it-projektmanagement-768x768.jpg 768w\" sizes=\"auto, (max-width: 800px) 100vw, 800px\" \/><img loading=\"lazy\" decoding=\"async\" width=\"800\" height=\"800\" src=\"https:\/\/kombinat-berlin.de\/wp-content\/uploads\/2025\/06\/vivien-kluge-it-projektmanagement.jpg\" class=\"hover-image\" alt=\"IT Projektmanagerin Vivien Kluge\" srcset=\"https:\/\/kombinat-berlin.de\/wp-content\/uploads\/2025\/06\/vivien-kluge-it-projektmanagement.jpg 800w, https:\/\/kombinat-berlin.de\/wp-content\/uploads\/2025\/06\/vivien-kluge-it-projektmanagement-300x300.jpg 300w, https:\/\/kombinat-berlin.de\/wp-content\/uploads\/2025\/06\/vivien-kluge-it-projektmanagement-150x150.jpg 150w, https:\/\/kombinat-berlin.de\/wp-content\/uploads\/2025\/06\/vivien-kluge-it-projektmanagement-768x768.jpg 768w\" sizes=\"auto, (max-width: 800px) 100vw, 800px\" \/><\/div><div class=\"label\"><p><span>IT\u2013Projektmanagerin<\/span><span>Freelance<\/span><\/p>\n<\/div><h3>Vivien Kluge<\/h3><div class=\"text\"><a href=\"http:\/\/linkedin.com\/in\/vivien-kluge-371551127\" target=\"_blank\" class=\"button-secondary linkedin icon left\">Vivien bei LinkedIn<\/a><\/div><\/div><\/div><\/section>\n\n\n<blockquote class=\"wp-block-quote is-layout-flow wp-block-quote-is-layout-flow\">\n<p><\/p>\n<\/blockquote>\n\n\n<section  class=\"text-section container-fluid sky-a default\">\n  <div class=\"row\">\n    <div class=\"col-12 col-lg-8\">\n      <h2>Wir entwickeln und optimieren deinen Online-Shop<\/h2><div class=\"text\"><p><a href=\"https:\/\/kombinat-berlin.de\/erfahrene-e-commerce-experten-bei-kombinat\/kompetenzen\/\">Unsere St\u00e4rken<\/a>: strategischer Beratung, hohe technischen Expertise und ein \u00e4u\u00dferst effektives Projektmanagement.<\/p>\n<p>Wir setzen deine Ziele um und gestalten dir nutzerzentrierte <a href=\"https:\/\/kombinat-berlin.de\/loesungen\/\">L\u00f6sungen<\/a>. Unsere Know How und unser breit aufgestelltes <a href=\"https:\/\/kombinat-berlin.de\/erfahrene-e-commerce-experten-bei-kombinat\/kompetenzen#netzwerk\">Netzwerk an Kooperationspartnern<\/a> steht f\u00fcr dich und den Erfolg deines Projektes bereit.<\/p>\n<a href=\"https:\/\/kombinat-berlin.de\/erfahrene-e-commerce-experten-bei-kombinat\/b2b-e-commerce-kompetenzen\/\" target=\"_self\" class=\"button-secondary  left\">Hier erf\u00e4hrst du mehr dar\u00fcber<\/a><\/div>    <\/div>\n  <\/div>\n<\/section>\n\n<section  class=\"text-section container-fluid sky-c default\">\n  <div class=\"row\">\n    <div class=\"col-12 col-lg-8\">\n      <h2>Wo wir arbeiten<\/h2><div class=\"text\"><p>Wir sind mitten in Berlin Kreuzberg. Wenn du uns besuchst, erwartet dich das blu\u0308hende Leben.<\/p>\n<p>In unserer unmittelbaren Nachbarschaft sind viele tolle Agenturen und Menschen, die sich auf dem Hof oder zur Vernissage in der neuen Galerie GE59 direkt bei uns im Hof treffen. Unser Bu\u0308ro ist offen und hell und freut sich immer u\u0308ber Besuch.<\/p>\n<a href=\"https:\/\/kombinat-berlin.de\/kontakt#terminbuchen\" target=\"_self\" class=\"button calendar icon left\">Komm vorbei<\/a><\/div>    <\/div>\n  <\/div>\n<\/section>\n\n<section  class=\"container-fluid overview-columns-section  sky-c \"><div class=\"row\"><div class=\"column col-12 col-md-5 offset-md-1 \"><div class=\"image-wrapper  no-hover-image\" style=\"color: #ffffff; background-color: #000000\"><img loading=\"lazy\" decoding=\"async\" width=\"478\" height=\"495\" src=\"https:\/\/kombinat-berlin.de\/wp-content\/uploads\/2024\/02\/Kombinat-Team-Mittagessen-e1742394529999.webp\" class=\"default-image\" alt=\"E-Commerce Expertenteam Mittagessen\" srcset=\"https:\/\/kombinat-berlin.de\/wp-content\/uploads\/2024\/02\/Kombinat-Team-Mittagessen-e1742394529999.webp 478w, https:\/\/kombinat-berlin.de\/wp-content\/uploads\/2024\/02\/Kombinat-Team-Mittagessen-e1742394529999-290x300.webp 290w\" sizes=\"auto, (max-width: 478px) 100vw, 478px\" \/><\/div><div class=\"text\"><\/div><\/div><div class=\"column col-12 col-md-5  \"><div class=\"image-wrapper  no-hover-image\" style=\"color: #ffffff; background-color: #000000\"><img loading=\"lazy\" decoding=\"async\" width=\"600\" height=\"600\" src=\"https:\/\/kombinat-berlin.de\/wp-content\/uploads\/2024\/02\/Kombinat-K.webp\" class=\"default-image\" alt=\"K wie Kombinat\" srcset=\"https:\/\/kombinat-berlin.de\/wp-content\/uploads\/2024\/02\/Kombinat-K.webp 600w, https:\/\/kombinat-berlin.de\/wp-content\/uploads\/2024\/02\/Kombinat-K-300x300.webp 300w, https:\/\/kombinat-berlin.de\/wp-content\/uploads\/2024\/02\/Kombinat-K-150x150.webp 150w\" sizes=\"auto, (max-width: 600px) 100vw, 600px\" \/><\/div><div class=\"text\"><\/div><\/div><\/div><\/section>\n\n<div  class=\"iframe-wrapper\"> <div class=\"brlbs-cmpnt-container brlbs-cmpnt-content-blocker brlbs-cmpnt-with-individual-styles\" data-borlabs-cookie-content-blocker-id=\"google-maps\" data-borlabs-cookie-content=\"PGlmcmFtZSBzcmM9Imh0dHBzOi8vd3d3Lmdvb2dsZS5jb20vbWFwcy9lbWJlZD9wYj0hMW0xOCExbTEyITFtMyExZDI0MjkuMzYyNDE1MTYxMjE0ITJkMTMuNDE1Nzk2ODc3ODM2NTUhM2Q1Mi40OTA2Nzg5NzIwNTM0NiEybTMhMWYwITJmMCEzZjAhM20yITFpMTAyNCEyaTc2OCE0ZjEzLjEhM20zITFtMiExczB4NDdhODRmYzkwYmNiOTgyOSUzQTB4NzJjYmM1ZGYwMjE1OWQ1NCEyc0tvbWJpbmF0JTIwJUUyJTgwJTkzJTIwQWdlbnR1ciUyMGYlQzMlQkNyJTIwSW5mb3JtYXRpb25zZ2VzdGFsdHVuZyE1ZTAhM20yITFzZGUhMnNkZSE0djE3MDcxNDU2MTQzMTEhNW0yITFzZGUhMnNkZSIgaGVpZ2h0PSI0NTAiIHN0eWxlPSJib3JkZXI6MDt3aWR0aDoxMDAlOyIgYWxsb3dmdWxsc2NyZWVuPSIiIGxvYWRpbmc9ImxhenkiIHJlZmVycmVycG9saWN5PSJuby1yZWZlcnJlci13aGVuLWRvd25ncmFkZSI+PC9pZnJhbWU+\"><div class=\"brlbs-cmpnt-cb-preset-b brlbs-cmpnt-cb-google-maps\"> <div class=\"brlbs-cmpnt-cb-thumbnail\" style=\"background-image: url('https:\/\/kombinat-berlin.de\/wp-content\/uploads\/borlabs-cookie\/1\/brlbs-cb-google-maps-main.png')\"><\/div> <div class=\"brlbs-cmpnt-cb-main\"> <div class=\"brlbs-cmpnt-cb-content\"> <p class=\"brlbs-cmpnt-cb-description\">You are currently viewing a placeholder content from <strong>Google Maps<\/strong>. To access the actual content, click the button below. Please note that doing so will share data with third-party providers.<\/p> <a class=\"brlbs-cmpnt-cb-provider-toggle\" href=\"#\" data-borlabs-cookie-show-provider-information role=\"button\">More Information<\/a> <\/div> <div class=\"brlbs-cmpnt-cb-buttons\"> <a class=\"brlbs-cmpnt-cb-btn\" href=\"#\" data-borlabs-cookie-unblock role=\"button\">Unblock content<\/a> <a class=\"brlbs-cmpnt-cb-btn\" href=\"#\" data-borlabs-cookie-accept-service role=\"button\" style=\"display: inherit\">Accept required service and unblock content<\/a> <\/div> <\/div> <\/div><\/div>\r\n<style>iframe {width:100%;}<\/style><\/div>","protected":false},"excerpt":{"rendered":"","protected":false},"author":2,"featured_media":0,"parent":0,"menu_order":0,"comment_status":"closed","ping_status":"closed","template":"","meta":{"_acf_changed":false,"footnotes":""},"class_list":["post-12","page","type-page","status-publish","hentry"],"acf":[],"yoast_head":"<!-- This site is optimized with the Yoast SEO Premium plugin v27.3 (Yoast SEO v27.3) - https:\/\/yoast.com\/product\/yoast-seo-premium-wordpress\/ -->\n<title>E-Commerce-Experten arbeiten f\u00fcr deinen Erfolg<\/title>\n<meta name=\"description\" content=\"Unsere E-Commerce Experten bei Kombinat sind dein Partner f\u00fcr strategische Beratung, technische Expertise und effektives Projektmanagement.\" \/>\n<meta name=\"robots\" content=\"index, follow, max-snippet:-1, max-image-preview:large, max-video-preview:-1\" \/>\n<link rel=\"canonical\" href=\"https:\/\/kombinat-berlin.de\/en\/experienced-e-commerce-experts-at-kombinat\/\" \/>\n<meta property=\"og:locale\" content=\"en_GB\" \/>\n<meta property=\"og:type\" content=\"article\" \/>\n<meta property=\"og:title\" content=\"Agentur\" \/>\n<meta property=\"og:description\" content=\"Unsere E-Commerce Experten bei Kombinat sind dein Partner f\u00fcr strategische Beratung, technische Expertise und effektives Projektmanagement.\" \/>\n<meta property=\"og:url\" content=\"https:\/\/kombinat-berlin.de\/en\/experienced-e-commerce-experts-at-kombinat\/\" \/>\n<meta property=\"og:site_name\" content=\"KOMBINAT\" \/>\n<meta property=\"article:publisher\" content=\"https:\/\/www.linkedin.com\/company\/kombinatberlin\" \/>\n<meta property=\"article:modified_time\" content=\"2026-02-11T09:58:50+00:00\" \/>\n<meta name=\"twitter:card\" content=\"summary_large_image\" \/>\n<meta name=\"twitter:label1\" content=\"Estimated reading time\" \/>\n\t<meta name=\"twitter:data1\" content=\"4 minutes\" \/>\n<script type=\"application\/ld+json\" class=\"yoast-schema-graph\">{\"@context\":\"https:\\\/\\\/schema.org\",\"@graph\":[{\"@type\":\"WebPage\",\"@id\":\"https:\\\/\\\/kombinat-berlin.de\\\/erfahrene-e-commerce-experten-bei-kombinat\\\/\",\"url\":\"https:\\\/\\\/kombinat-berlin.de\\\/erfahrene-e-commerce-experten-bei-kombinat\\\/\",\"name\":\"E-Commerce-Experten arbeiten f\u00fcr deinen Erfolg\",\"isPartOf\":{\"@id\":\"https:\\\/\\\/kombinat-berlin.de\\\/#website\"},\"datePublished\":\"2024-02-16T17:41:29+00:00\",\"dateModified\":\"2026-02-11T09:58:50+00:00\",\"description\":\"Unsere E-Commerce Experten bei Kombinat sind dein Partner f\u00fcr strategische Beratung, technische Expertise und effektives Projektmanagement.\",\"breadcrumb\":{\"@id\":\"https:\\\/\\\/kombinat-berlin.de\\\/erfahrene-e-commerce-experten-bei-kombinat\\\/#breadcrumb\"},\"inLanguage\":\"en-GB\",\"potentialAction\":[{\"@type\":\"ReadAction\",\"target\":[\"https:\\\/\\\/kombinat-berlin.de\\\/erfahrene-e-commerce-experten-bei-kombinat\\\/\"]}]},{\"@type\":\"BreadcrumbList\",\"@id\":\"https:\\\/\\\/kombinat-berlin.de\\\/erfahrene-e-commerce-experten-bei-kombinat\\\/#breadcrumb\",\"itemListElement\":[{\"@type\":\"ListItem\",\"position\":1,\"name\":\"Startseite\",\"item\":\"https:\\\/\\\/kombinat-berlin.de\\\/\"},{\"@type\":\"ListItem\",\"position\":2,\"name\":\"Agentur\"}]},{\"@type\":\"WebSite\",\"@id\":\"https:\\\/\\\/kombinat-berlin.de\\\/#website\",\"url\":\"https:\\\/\\\/kombinat-berlin.de\\\/\",\"name\":\"Kombinat\",\"description\":\"Mehr Umsatz und Wachstum durch leichtg\u00e4ngige B2B-Onlineshops f\u00fcr Hersteller und Brands.\",\"publisher\":{\"@id\":\"https:\\\/\\\/kombinat-berlin.de\\\/#organization\"},\"potentialAction\":[{\"@type\":\"SearchAction\",\"target\":{\"@type\":\"EntryPoint\",\"urlTemplate\":\"https:\\\/\\\/kombinat-berlin.de\\\/?s={search_term_string}\"},\"query-input\":{\"@type\":\"PropertyValueSpecification\",\"valueRequired\":true,\"valueName\":\"search_term_string\"}}],\"inLanguage\":\"en-GB\"},{\"@type\":\"Organization\",\"@id\":\"https:\\\/\\\/kombinat-berlin.de\\\/#organization\",\"name\":\"Kombinat GmbH\",\"url\":\"https:\\\/\\\/kombinat-berlin.de\\\/\",\"logo\":{\"@type\":\"ImageObject\",\"inLanguage\":\"en-GB\",\"@id\":\"https:\\\/\\\/kombinat-berlin.de\\\/#\\\/schema\\\/logo\\\/image\\\/\",\"url\":\"https:\\\/\\\/kombinat-berlin.de\\\/wp-content\\\/uploads\\\/2024\\\/05\\\/cropped-favicon.png\",\"contentUrl\":\"https:\\\/\\\/kombinat-berlin.de\\\/wp-content\\\/uploads\\\/2024\\\/05\\\/cropped-favicon.png\",\"width\":512,\"height\":512,\"caption\":\"Kombinat GmbH\"},\"image\":{\"@id\":\"https:\\\/\\\/kombinat-berlin.de\\\/#\\\/schema\\\/logo\\\/image\\\/\"},\"sameAs\":[\"https:\\\/\\\/www.linkedin.com\\\/company\\\/kombinatberlin\",\"https:\\\/\\\/www.instagram.com\\\/kombinatberlin\\\/\"]}]}<\/script>\n<!-- \/ Yoast SEO Premium plugin. -->","yoast_head_json":{"title":"E-commerce experts work for your success","description":"Our e-commerce experts at Kombinat are your partner for strategic consulting, technical expertise and effective project management.","robots":{"index":"index","follow":"follow","max-snippet":"max-snippet:-1","max-image-preview":"max-image-preview:large","max-video-preview":"max-video-preview:-1"},"canonical":"https:\/\/kombinat-berlin.de\/en\/experienced-e-commerce-experts-at-kombinat\/","og_locale":"en_GB","og_type":"article","og_title":"Agentur","og_description":"Unsere E-Commerce Experten bei Kombinat sind dein Partner f\u00fcr strategische Beratung, technische Expertise und effektives Projektmanagement.","og_url":"https:\/\/kombinat-berlin.de\/en\/experienced-e-commerce-experts-at-kombinat\/","og_site_name":"KOMBINAT","article_publisher":"https:\/\/www.linkedin.com\/company\/kombinatberlin","article_modified_time":"2026-02-11T09:58:50+00:00","twitter_card":"summary_large_image","twitter_misc":{"Estimated reading time":"4 minutes"},"schema":{"@context":"https:\/\/schema.org","@graph":[{"@type":"WebPage","@id":"https:\/\/kombinat-berlin.de\/erfahrene-e-commerce-experten-bei-kombinat\/","url":"https:\/\/kombinat-berlin.de\/erfahrene-e-commerce-experten-bei-kombinat\/","name":"E-commerce experts work for your success","isPartOf":{"@id":"https:\/\/kombinat-berlin.de\/#website"},"datePublished":"2024-02-16T17:41:29+00:00","dateModified":"2026-02-11T09:58:50+00:00","description":"Our e-commerce experts at Kombinat are your partner for strategic consulting, technical expertise and effective project management.","breadcrumb":{"@id":"https:\/\/kombinat-berlin.de\/erfahrene-e-commerce-experten-bei-kombinat\/#breadcrumb"},"inLanguage":"en-GB","potentialAction":[{"@type":"ReadAction","target":["https:\/\/kombinat-berlin.de\/erfahrene-e-commerce-experten-bei-kombinat\/"]}]},{"@type":"BreadcrumbList","@id":"https:\/\/kombinat-berlin.de\/erfahrene-e-commerce-experten-bei-kombinat\/#breadcrumb","itemListElement":[{"@type":"ListItem","position":1,"name":"Startseite","item":"https:\/\/kombinat-berlin.de\/"},{"@type":"ListItem","position":2,"name":"Agentur"}]},{"@type":"WebSite","@id":"https:\/\/kombinat-berlin.de\/#website","url":"https:\/\/kombinat-berlin.de\/","name":"KOMBINAT","description":"More sales and growth through easy-to-use B2B online shops for manufacturers and brands.","publisher":{"@id":"https:\/\/kombinat-berlin.de\/#organization"},"potentialAction":[{"@type":"SearchAction","target":{"@type":"EntryPoint","urlTemplate":"https:\/\/kombinat-berlin.de\/?s={search_term_string}"},"query-input":{"@type":"PropertyValueSpecification","valueRequired":true,"valueName":"search_term_string"}}],"inLanguage":"en-GB"},{"@type":"Organization","@id":"https:\/\/kombinat-berlin.de\/#organization","name":"Kombinat GmbH","url":"https:\/\/kombinat-berlin.de\/","logo":{"@type":"ImageObject","inLanguage":"en-GB","@id":"https:\/\/kombinat-berlin.de\/#\/schema\/logo\/image\/","url":"https:\/\/kombinat-berlin.de\/wp-content\/uploads\/2024\/05\/cropped-favicon.png","contentUrl":"https:\/\/kombinat-berlin.de\/wp-content\/uploads\/2024\/05\/cropped-favicon.png","width":512,"height":512,"caption":"Kombinat GmbH"},"image":{"@id":"https:\/\/kombinat-berlin.de\/#\/schema\/logo\/image\/"},"sameAs":["https:\/\/www.linkedin.com\/company\/kombinatberlin","https:\/\/www.instagram.com\/kombinatberlin\/"]}]}},"_links":{"self":[{"href":"https:\/\/kombinat-berlin.de\/en\/wp-json\/wp\/v2\/pages\/12","targetHints":{"allow":["GET"]}}],"collection":[{"href":"https:\/\/kombinat-berlin.de\/en\/wp-json\/wp\/v2\/pages"}],"about":[{"href":"https:\/\/kombinat-berlin.de\/en\/wp-json\/wp\/v2\/types\/page"}],"author":[{"embeddable":true,"href":"https:\/\/kombinat-berlin.de\/en\/wp-json\/wp\/v2\/users\/2"}],"replies":[{"embeddable":true,"href":"https:\/\/kombinat-berlin.de\/en\/wp-json\/wp\/v2\/comments?post=12"}],"version-history":[{"count":72,"href":"https:\/\/kombinat-berlin.de\/en\/wp-json\/wp\/v2\/pages\/12\/revisions"}],"predecessor-version":[{"id":3061,"href":"https:\/\/kombinat-berlin.de\/en\/wp-json\/wp\/v2\/pages\/12\/revisions\/3061"}],"wp:attachment":[{"href":"https:\/\/kombinat-berlin.de\/en\/wp-json\/wp\/v2\/media?parent=12"}],"curies":[{"name":"wp","href":"https:\/\/api.w.org\/{rel}","templated":true}]}}